{"id":178,"date":"2019-06-08T18:54:48","date_gmt":"2019-06-08T18:54:48","guid":{"rendered":"https:\/\/hra.projekti.ifzg.hr\/?page_id=178"},"modified":"2019-06-27T21:34:37","modified_gmt":"2019-06-27T21:34:37","slug":"galerija","status":"publish","type":"page","link":"https:\/\/hra.projekti.ifzg.hr\/?page_id=178","title":{"rendered":"Galerija"},"content":{"rendered":"\n<p>Otvorenje izlo\u017ebe o Matiji Frki\u0107u (Knji\u017enica Filozofskog fakulteta, 3. lipnja 2019.)<\/p>\n\n\n\n<figure class=\"wp-block-image\"><img decoding=\"async\" loading=\"lazy\" width=\"1024\" height=\"768\" src=\"https:\/\/hra.projekti.ifzg.hr\/wp-content\/uploads\/2019\/06\/20190531_150900-1024x768.jpg\" alt=\"\" class=\"wp-image-190\" srcset=\"https:\/\/hra.projekti.ifzg.hr\/wp-content\/uploads\/2019\/06\/20190531_150900.jpg 1024w, https:\/\/hra.projekti.ifzg.hr\/wp-content\/uploads\/2019\/06\/20190531_150900-300x225.jpg 300w, https:\/\/hra.projekti.ifzg.hr\/wp-content\/uploads\/2019\/06\/20190531_150900-768x576.jpg 768w\" sizes=\"(max-width: 1024px) 100vw, 1024px\" \/><figcaption>Matija Frki\u0107 (1583. &#8211; 1669.)<\/figcaption><\/figure>\n\n\n\n<figure class=\"wp-block-image\"><img decoding=\"async\" loading=\"lazy\" width=\"1024\" height=\"768\" src=\"https:\/\/hra.projekti.ifzg.hr\/wp-content\/uploads\/2019\/06\/20190603_104511-1024x768.jpg\" alt=\"\" class=\"wp-image-191\" srcset=\"https:\/\/hra.projekti.ifzg.hr\/wp-content\/uploads\/2019\/06\/20190603_104511.jpg 1024w, https:\/\/hra.projekti.ifzg.hr\/wp-content\/uploads\/2019\/06\/20190603_104511-300x225.jpg 300w, https:\/\/hra.projekti.ifzg.hr\/wp-content\/uploads\/2019\/06\/20190603_104511-768x576.jpg 768w\" sizes=\"(max-width: 1024px) 100vw, 1024px\" \/><figcaption>Pred otvorenje<\/figcaption><\/figure>\n\n\n\n<figure class=\"wp-block-image\"><img decoding=\"async\" loading=\"lazy\" width=\"1024\" height=\"768\" src=\"https:\/\/hra.projekti.ifzg.hr\/wp-content\/uploads\/2019\/06\/20190603_110731-1024x768.jpg\" alt=\"\" class=\"wp-image-194\" srcset=\"https:\/\/hra.projekti.ifzg.hr\/wp-content\/uploads\/2019\/06\/20190603_110731.jpg 1024w, https:\/\/hra.projekti.ifzg.hr\/wp-content\/uploads\/2019\/06\/20190603_110731-300x225.jpg 300w, https:\/\/hra.projekti.ifzg.hr\/wp-content\/uploads\/2019\/06\/20190603_110731-768x576.jpg 768w\" sizes=\"(max-width: 1024px) 100vw, 1024px\" \/><figcaption>Autorica izlo\u017ebe &#8211; dr. sc. Ivana Skuhala Karasman<\/figcaption><\/figure>\n\n\n\n<figure class=\"wp-block-image\"><img decoding=\"async\" loading=\"lazy\" width=\"1024\" height=\"768\" src=\"https:\/\/hra.projekti.ifzg.hr\/wp-content\/uploads\/2019\/06\/20190603_110742-1024x768.jpg\" alt=\"\" class=\"wp-image-195\" srcset=\"https:\/\/hra.projekti.ifzg.hr\/wp-content\/uploads\/2019\/06\/20190603_110742.jpg 1024w, https:\/\/hra.projekti.ifzg.hr\/wp-content\/uploads\/2019\/06\/20190603_110742-300x225.jpg 300w, https:\/\/hra.projekti.ifzg.hr\/wp-content\/uploads\/2019\/06\/20190603_110742-768x576.jpg 768w\" sizes=\"(max-width: 1024px) 100vw, 1024px\" \/><figcaption>Pozdravni govor<\/figcaption><\/figure>\n\n\n\n<figure class=\"wp-block-image\"><img decoding=\"async\" loading=\"lazy\" width=\"1024\" height=\"768\" src=\"https:\/\/hra.projekti.ifzg.hr\/wp-content\/uploads\/2019\/06\/20190603_110721-1024x768.jpg\" alt=\"\" class=\"wp-image-193\" srcset=\"https:\/\/hra.projekti.ifzg.hr\/wp-content\/uploads\/2019\/06\/20190603_110721.jpg 1024w, https:\/\/hra.projekti.ifzg.hr\/wp-content\/uploads\/2019\/06\/20190603_110721-300x225.jpg 300w, https:\/\/hra.projekti.ifzg.hr\/wp-content\/uploads\/2019\/06\/20190603_110721-768x576.jpg 768w\" sizes=\"(max-width: 1024px) 100vw, 1024px\" \/><\/figure>\n\n\n\n<figure class=\"wp-block-image\"><img decoding=\"async\" loading=\"lazy\" width=\"768\" height=\"1024\" src=\"https:\/\/hra.projekti.ifzg.hr\/wp-content\/uploads\/2019\/06\/20190603_104746-768x1024.jpg\" alt=\"\" class=\"wp-image-192\" srcset=\"https:\/\/hra.projekti.ifzg.hr\/wp-content\/uploads\/2019\/06\/20190603_104746.jpg 768w, https:\/\/hra.projekti.ifzg.hr\/wp-content\/uploads\/2019\/06\/20190603_104746-225x300.jpg 225w\" sizes=\"(max-width: 768px) 100vw, 768px\" \/><figcaption>prodekan prof. dr. Dean Duda i voditelj projekta dr. sc. Pavel Gregori\u0107<\/figcaption><\/figure>\n","protected":false},"excerpt":{"rendered":"<p>Otvorenje izlo\u017ebe o Matiji Frki\u0107u (Knji\u017enica Filozofskog fakulteta, 3. lipnja 2019.)<\/p>\n","protected":false},"author":2,"featured_media":0,"parent":0,"menu_order":0,"comment_status":"closed","ping_status":"closed","template":"","meta":[],"_links":{"self":[{"href":"https:\/\/hra.projekti.ifzg.hr\/index.php?rest_route=\/wp\/v2\/pages\/178"}],"collection":[{"href":"https:\/\/hra.projekti.ifzg.hr\/index.php?rest_route=\/wp\/v2\/pages"}],"about":[{"href":"https:\/\/hra.projekti.ifzg.hr\/index.php?rest_route=\/wp\/v2\/types\/page"}],"author":[{"embeddable":true,"href":"https:\/\/hra.projekti.ifzg.hr\/index.php?rest_route=\/wp\/v2\/users\/2"}],"replies":[{"embeddable":true,"href":"https:\/\/hra.projekti.ifzg.hr\/index.php?rest_route=%2Fwp%2Fv2%2Fcomments&post=178"}],"version-history":[{"count":2,"href":"https:\/\/hra.projekti.ifzg.hr\/index.php?rest_route=\/wp\/v2\/pages\/178\/revisions"}],"predecessor-version":[{"id":196,"href":"https:\/\/hra.projekti.ifzg.hr\/index.php?rest_route=\/wp\/v2\/pages\/178\/revisions\/196"}],"wp:attachment":[{"href":"https:\/\/hra.projekti.ifzg.hr\/index.php?rest_route=%2Fwp%2Fv2%2Fmedia&parent=178"}],"curies":[{"name":"wp","href":"https:\/\/api.w.org\/{rel}","templated":true}]}}