{"id":105,"date":"2019-05-29T10:47:15","date_gmt":"2019-05-29T10:47:15","guid":{"rendered":"https:\/\/hra.projekti.ifzg.hr\/?page_id=105"},"modified":"2022-12-22T10:14:22","modified_gmt":"2022-12-22T10:14:22","slug":"aktivnosti-2-2","status":"publish","type":"page","link":"https:\/\/hra.projekti.ifzg.hr\/?page_id=105","title":{"rendered":"Aktivnosti"},"content":{"rendered":"\n<p><strong>sije\u010danj 2023<\/strong> &#8211; rukopis kriti\u010dkog izdanja djela Nikole Vitova Gu\u010deti\u0107a <em>In primum librum Artis rhetoricorum Aristotelis commentaria<\/em> (ur. Gorana Stepani\u0107 i Pavel Gregori\u0107) predan izdava\u010dkoj ku\u0107i Brill iz Leidena. <\/p>\n\n\n\n<p><strong>December 2022<\/strong> &#8211; rukopis kriti\u010dkog izdanja dhela Nikole Vitova Gu\u010deti\u0107a <em>Breve compendium in duo prima capita tertii Aristotelis De anima<\/em> (ur. \u0160ime Demo i Pavel Gregori\u0107), predan izdava\u010dkoj ku\u0107i Brepols iz Pariza.<\/p>\n\n\n\n<p><strong>22. i 23. rujna 2022.<\/strong> &#8211; odr\u017eana me\u0111unarodna konferencija <em>Renaissance Aristotelianism in Southeast Europe<\/em>&nbsp;<\/p>\n\n\n\n<p><strong>srpanj. 2022<\/strong>&nbsp;\u2013 Pavel Gregori\u0107 and Dora Ivani\u0161evi\u0107 (eds.),&nbsp;<a rel=\"noreferrer noopener\" href=\"https:\/\/www.ifzg.hr\/proizvod\/aristotel_i_antun_medo\/\" target=\"_blank\">Aristotel:&nbsp;<\/a><em><a rel=\"noreferrer noopener\" href=\"https:\/\/www.ifzg.hr\/proizvod\/aristotel_i_antun_medo\/\" target=\"_blank\">Metafizika<\/a><\/em><a rel=\"noreferrer noopener\" href=\"https:\/\/www.ifzg.hr\/proizvod\/aristotel_i_antun_medo\/\" target=\"_blank\">XII \u2013 Antun Medo:&nbsp;<\/a><em><a rel=\"noreferrer noopener\" href=\"https:\/\/www.ifzg.hr\/proizvod\/aristotel_i_antun_medo\/\" target=\"_blank\">Tuma\u010denje dvanaeste knjige Aristotelove<\/a><\/em><a rel=\"noreferrer noopener\" href=\"https:\/\/www.ifzg.hr\/proizvod\/aristotel_i_antun_medo\/\" target=\"_blank\">&nbsp;Metafizike<\/a>&nbsp;(Zagreb: Institut za filozofiju, 2022).<\/p>\n\n\n\n<p><strong>8. srpnja 2022. <\/strong>\u2013 dr. sc. Pavel Gregori\u0107 odr\u017eao je kolokvij \u201cNikola Vitov Gu\u010deti\u0107 \u2013 ba\u0161tinik srednjega vijeka\u201d u 11h u Velikoj dvorani Instituta za filozofiju (5. kat, Ulica grada Vukovara 54). [<a rel=\"noreferrer noopener\" href=\"https:\/\/t.co\/V324T1UoJT\" target=\"_blank\">snimka<\/a>]<\/p>\n\n\n\n<p><strong>lipanj 2022.<\/strong>&nbsp;\u2013 Pavel Gregori\u0107 i Dora Ivani\u0161evi\u0107 (ur.),&nbsp;<a rel=\"noreferrer noopener\" href=\"https:\/\/www.ifzg.hr\/proizvod\/porfirije_i_antun_medo\/\" target=\"_blank\">Porfirije:&nbsp;<\/a><em><a rel=\"noreferrer noopener\" href=\"https:\/\/www.ifzg.hr\/proizvod\/porfirije_i_antun_medo\/\" target=\"_blank\">Uvod<\/a><\/em><a rel=\"noreferrer noopener\" href=\"https:\/\/www.ifzg.hr\/proizvod\/porfirije_i_antun_medo\/\" target=\"_blank\">(Predikabilije) \u2013 Antun Medo:&nbsp;<\/a><em><a rel=\"noreferrer noopener\" href=\"https:\/\/www.ifzg.hr\/proizvod\/porfirije_i_antun_medo\/\" target=\"_blank\">Neke primjedbe o Porfirijevim&nbsp;<\/a><\/em><a rel=\"noreferrer noopener\" href=\"https:\/\/www.ifzg.hr\/proizvod\/porfirije_i_antun_medo\/\" target=\"_blank\">Predikabilijama<\/a>&nbsp;(Zagreb: Institut za filozofiju, 2022).<\/p>\n\n\n\n<p><strong>11. svibnja 2022.<\/strong> \u2013 dr. sc. Pavel Gregori\u0107 odr\u017eao je kolokvij \u201cGu\u010deti\u0107eva tehnika komentiranja Aristotela\u201d u 11h u Velikoj dvorani Instituta za filozofiju (5. kat, Ulica grada Vukovara 54). [<a rel=\"noreferrer noopener\" href=\"https:\/\/www.youtube.com\/watch?v=pyCn-JX40hM\" target=\"_blank\">snimka<\/a>]<\/p>\n\n\n\n<p><strong>o\u017eujak 2022.<\/strong>&nbsp;\u2013 Ivana Skuhala Karasman, \u201cMatija Frki\u0107 o intelektu i besmrtnosti du\u0161e\u201d,&nbsp;<em>Prilozi za istra\u017eivanje hrvatske filozofske ba\u0161tine<\/em>47\/1(93) (2021), str. 33\u201346. [<a rel=\"noreferrer noopener\" href=\"https:\/\/hra.projekti.ifzg.hr\/wp-content\/uploads\/2022\/04\/02-Skuhala_Karasman.pdf\" target=\"_blank\">pdf<\/a>]<\/p>\n\n\n\n<p><strong>velja\u010da 2022.<\/strong>&nbsp;\u2013 Martino Rossi Monti, \u201cUn altro giro. Meteorologia e teorie dell\u2019eterno ritorno tra Medioevo e Rinascimento\u201d,&nbsp;<a rel=\"noreferrer noopener\" href=\"http:\/\/www.libraweb.net\/articoli3.php?chiave=202104102&amp;rivista=41&amp;articolo=202104102006\" target=\"_blank\">Bruniana&amp;Campanelliana 27 (2021), 99-116<\/a>.&nbsp;<\/p>\n\n\n\n<p><strong>travanj 2021.<\/strong>&nbsp;\u2013 Gorana Stepani\u0107, \u201cNikola Vitov Gu\u010deti\u0107 (1549 \u2013 1610): Ruke i rukopisi\u201d,&nbsp;<em>Collequia Marulliana<\/em>&nbsp;30 (2021), 243-257.&nbsp;<a rel=\"noreferrer noopener\" href=\"https:\/\/hra.projekti.ifzg.hr\/wp-content\/uploads\/2021\/06\/Stepanic_CM_30_2021_b-2.pdf\" target=\"_blank\">pdf<\/a><\/p>\n\n\n\n<p><strong>svibanj 2020.<\/strong>&nbsp;\u2013 Martino Rossi Monti, \u201cPaulus Scalichius His thought, sources, and fortune\u201d,&nbsp;<em>Prilozi za istra\u017eivanje hrvatske filozofske ba\u0161tine<\/em>45\/2 (2019), 339-382.&nbsp;&nbsp;<a rel=\"noreferrer noopener\" href=\"https:\/\/hra.projekti.ifzg.hr\/wp-content\/uploads\/2020\/09\/02-Rossi_Monti-01-FINAL.pdf\" target=\"_blank\">pdf<\/a><\/p>\n\n\n\n<p><strong>velja\u010da 2020<\/strong>. \u2013 Luka Bor\u0161i\u0107, Ivana Skuhala Karasman i Pavel Gregori\u0107, \u201c<a rel=\"noreferrer noopener\" href=\"https:\/\/link.springer.com\/referenceworkentry\/10.1007%2F978-3-319-02848-4_1202-1\" target=\"_blank\">Croatian Renaissance Philosophy<\/a>\u201d u Marco Sgarbi (ur.),&nbsp;<em>Encyclopedia of Renaissance Philosophy<\/em>&nbsp;(Cham: Springer, 2020), str. 1-7&nbsp;<a rel=\"noreferrer noopener\" href=\"https:\/\/hra.projekti.ifzg.hr\/wp-content\/uploads\/2020\/04\/Croatian-Renaissance-Philosophy_ERP_revised_FINAL.pdf\" target=\"_blank\">[rukopis]<\/a>.<\/p>\n\n\n\n<p><strong>17. prosinca 2019.<\/strong> &#8211; izlaganje dr. sc. Pavela Gregori\u0107a i dr. sc. Ivane Skuhala Karasman &#8220;Nikola Vitov Gu\u010deti\u0107 izme\u0111u platonizma i aristotelizma&#8221; u nizu kolokvija Instituta za filozofiju (Ulica grada Vukovara 54, V. kat). <\/p>\n\n\n\n<p><strong>2. prosinca 2019.<\/strong> &#8211; na mjestu poslijedoktoranda na projektu zaposlena je dr. sc. Dora Ivani\u0161evi\u0107.<\/p>\n\n\n\n<p><strong>28. studeni 2019.<\/strong> &#8211; prihva\u0107ena natuknica &#8220;Croatian Renaissance Philosophy&#8221;, autora dr. sc. Luke Bor\u0161i\u0107a, dr. sc. Ivane Skuhala Karasman i dr. sc. Pavela Gregori\u0107a, za objavu u <em>Encyclopedia of Renaissance Philosophy <\/em>(ur. Marco Sgarbi, Springer Verlag).<\/p>\n\n\n\n<p><strong>19. studeni 2019.<\/strong> &#8211; Izdava\u010dka ku\u0107a Brill iz Leidena prihvatila je prijedlog monografije s novim izdanjem Gu\u010deti\u0107eva komentara uz 1. knjigu Aristotelove&nbsp;<em>Retorike <\/em>(ugovor u pripremi). Novo, popravljeno i dopunjeno izdanje ispravit \u0107e brojne propuste u <a rel=\"noreferrer noopener\" href=\"https:\/\/www.winter-verlag.de\/en\/detail\/978-3-8253-0396-9\/Gucetic_Artis_Rhetoricorum_Comm_Hg_Potthoff\/\" target=\"_blank\">Potthoffovu izdanju iz 2006<\/a>. Ovdje mo\u017eete usporediti izgled prvog odjeljka u <a rel=\"noreferrer noopener\" href=\"https:\/\/hra.projekti.ifzg.hr\/wp-content\/uploads\/2019\/06\/IMG_0266.jpeg\" target=\"_blank\">Potthoffovu<\/a> izdanju i u izdanju koje priprema <a rel=\"noreferrer noopener\" href=\"https:\/\/hra.projekti.ifzg.hr\/wp-content\/uploads\/2019\/06\/Screenshot-2019-06-05-13.42.45.png\" target=\"_blank\">dr. sc. Gorana Stepani\u0107<\/a>.<\/p>\n\n\n\n<p><strong>listopad 2019.<\/strong> &#8211; tri djela Antuna Mede koja se \u010duvaju u Dr\u017eavnom arhivu u Dubrovniku (<em>In librum duodecimum Metaphysicae Aristotelis expositio <\/em>[Venetii, 1598.] i <em>In librum septimum Metaphysicae Aristotelis expositio<\/em> [Venetii, 1599.]) i u Knji\u017enici Samostana Male bra\u0107e u Dubrovniku (<em>Quaedam animadversiones in Praedicabilia Porphyrii <\/em>[Venetii, 1600.])  skenirana su i u\u010dinjena dostupnima javnosti na stranici <a rel=\"noreferrer noopener\" aria-label=\"&quot;Digitalna ba\u0161tina&quot; (opens in a new tab)\" href=\"https:\/\/content.ifzg.hr\/digitalnaBastina\/digitalnaBastinaAntoniusMedusCalossius.htm\" target=\"_blank\">&#8220;Digitalna ba\u0161tina&#8221;<\/a> Instituta za filozofiju. Prvo i tre\u0107e djelo predmet su istra\u017eivanja koje \u0107e provesti dr. sc. Dora Ivani\u0161evi\u0107 i dr. sc. Pavel Gregori\u0107<\/p>\n\n\n\n<p><strong>10.-12. listopada 2019.<\/strong> &#8211; dr. sc. Pavel Gregori\u0107 sudjelovao je na konferenciji &#8220;Les <em>Quaestiones <\/em>d&#8217;Alexandre d&#8217;Aphrodise&#8221; u Lyonu s izlaganjem o <em>Quaestio<\/em> 3.9, tekstu u kojem Aleksandar tuma\u010di Aristotelovu usporedbu du\u0161e s geometrijskom to\u010dkom u III. knjizi spisa <em>O du\u0161i.<\/em> [<a rel=\"noreferrer noopener\" aria-label=\"program (opens in a new tab)\" href=\"https:\/\/hra.projekti.ifzg.hr\/wp-content\/uploads\/2019\/11\/Les-Quaestiones-d\u00b9Alexandre-d\u00b9Aphrodise.pdf\" target=\"_blank\">program<\/a>]<\/p>\n\n\n\n<p><strong>3. lipnja 2019.<\/strong> &#8211; otvorenje izlo\u017ebe povodom 350. godi\u0161njice smrti Matije Frki\u0107a (1583.-1669.), Knji\u017enica Filozofskog fakulteta Sveu\u010dili\u0161ta u Zagrebu. Autorica izlo\u017ebe je dr. sc. Ivana Skuhala Karasman. Izlo\u017eba \u0107e biti otvorena od 3. do 17. lipnja 2019., a nakon toga bit \u0107e dostupna na ovoj mre\u017enoj stranici. [<a rel=\"noreferrer noopener\" aria-label=\"pozivnica (opens in a new tab)\" href=\"https:\/\/hra.projekti.ifzg.hr\/wp-content\/uploads\/2019\/05\/Frkic-ffzg-izlozba-2019-02.jpg\" target=\"_blank\">pozivnica<\/a>][<a href=\"https:\/\/hra.projekti.ifzg.hr\/?page_id=148\">virtualna izlo\u017eba<\/a>][<a rel=\"noreferrer noopener\" aria-label=\"slike s otvorenja(opens in a new tab)\" href=\"https:\/\/hra.projekti.ifzg.hr\/?page_id=178\" target=\"_blank\">slike s otvorenja<\/a>]<\/p>\n\n\n\n<p><strong>23.-30. travnja 2019<\/strong> &#8211; \u0160ime Demo je  posjetio Biblioteca Apostolica Vaticana, gdje je pregledao Gu\u010deti\u0107eve rukopise <a rel=\"noreferrer noopener\" aria-label=\"Urb. Lat. 1219 (opens in a new tab)\" href=\"https:\/\/digi.vatlib.it\/view\/MSS_Urb.lat.1219\" target=\"_blank\">Urb. Lat. 1219<\/a> i <a rel=\"noreferrer noopener\" aria-label=\"Urb. Lat. 1449 (opens in a new tab)\" href=\"https:\/\/digi.vatlib.it\/view\/MSS_Urb.lat.1449\" target=\"_blank\">Urb. Lat. 1449<\/a>. Osim toga, konzultirao je i kopirao neke relevantne naslove u Biblioteca Nazionale Centrale, Biblioteca Universitaria Alessandrina i Biblioteca Angelica. [<a rel=\"noreferrer noopener\" aria-label=\"foto1 (opens in a new tab)\" href=\"https:\/\/hra.projekti.ifzg.hr\/wp-content\/uploads\/2019\/05\/20190425_190748-copy.jpg\" target=\"_blank\">foto1<\/a>] [<a rel=\"noreferrer noopener\" aria-label=\"foto2 (opens in a new tab)\" href=\"https:\/\/hra.projekti.ifzg.hr\/wp-content\/uploads\/2019\/05\/20190425_194850.jpg\" target=\"_blank\">foto2<\/a>] <\/p>\n\n\n\n<p><strong>o\u017eujak 2019.<\/strong> &#8211; uglednom nizozemskom izdava\u010du Brill iz Leidena predan je prijedlog monografije s novim izdanjem Gu\u010deti\u0107eva komentara uz 1. knjigu Aristotelove&nbsp;<em>Retorike<\/em>. Novo, popravljeno i dopunjeno izdanje ispravit \u0107e brojne propuste u <a rel=\"noreferrer noopener\" aria-label=\"Potthoffovu izdanju iz 2006 (opens in a new tab)\" href=\"https:\/\/www.winter-verlag.de\/en\/detail\/978-3-8253-0396-9\/Gucetic_Artis_Rhetoricorum_Comm_Hg_Potthoff\/\" target=\"_blank\">Potthoffovu izdanju iz 2006<\/a>. Ovdje mo\u017eete usporediti izgled prvog odjeljka u <a rel=\"noreferrer noopener\" aria-label=\"Potthofovu izdanju (opens in a new tab)\" href=\"https:\/\/hra.projekti.ifzg.hr\/wp-content\/uploads\/2019\/06\/IMG_0266.jpeg\" target=\"_blank\">Potthoffovu<\/a> izdanju i u izdanju koje priprema <a rel=\"noreferrer noopener\" aria-label=\"dr. sc. Gorana Stepani\u0107 (opens in a new tab)\" href=\"https:\/\/hra.projekti.ifzg.hr\/wp-content\/uploads\/2019\/06\/Screenshot-2019-06-05-13.42.45.png\" target=\"_blank\">dr. sc. Gorana Stepani\u0107<\/a>.<\/p>\n\n\n\n<p><strong>velja\u010da 2019.<\/strong> &#8211; sastavljen hrvatski <a rel=\"noreferrer noopener\" href=\"https:\/\/hra.projekti.ifzg.hr\/wp-content\/uploads\/2019\/06\/DA-III.4-8_kolone_GR-HR_EN.pdf\" target=\"_blank\">prijevod<\/a> 3. knjige Aristotelova spisa <em>O du\u0161i<\/em>, poglavlja 4-8 (o intelektu), koje je komentirao Gu\u0107eti\u0107 u rukopisu (<a rel=\"noreferrer noopener\" href=\"https:\/\/digi.vatlib.it\/view\/MSS_Urb.lat.1449\" target=\"_blank\">Urb.  Lat. 1449<\/a>) \u010dije prvo izdanje pripremamo u sklopu projekta.<\/p>\n\n\n\n<p><strong>sije\u010danj 2019.<\/strong> &#8211; sredstvima HrZZ kupljena su autorska prava od Universit\u00e4tsverlag Winter iz Heidelberga za novo izdanje Gu\u010deti\u0107eva komentara uz 1. knjigu Aristotelove&nbsp;<em>Retorike<\/em>. <br><\/p>\n\n\n\n<p><br><\/p>\n","protected":false},"excerpt":{"rendered":"<p>sije\u010danj 2023 &#8211; rukopis kriti\u010dkog izdanja djela Nikole Vitova Gu\u010deti\u0107a In primum librum Artis rhetoricorum Aristotelis commentaria (ur. Gorana Stepani\u0107&hellip;<\/p>\n","protected":false},"author":2,"featured_media":0,"parent":0,"menu_order":0,"comment_status":"closed","ping_status":"closed","template":"","meta":[],"_links":{"self":[{"href":"https:\/\/hra.projekti.ifzg.hr\/index.php?rest_route=\/wp\/v2\/pages\/105"}],"collection":[{"href":"https:\/\/hra.projekti.ifzg.hr\/index.php?rest_route=\/wp\/v2\/pages"}],"about":[{"href":"https:\/\/hra.projekti.ifzg.hr\/index.php?rest_route=\/wp\/v2\/types\/page"}],"author":[{"embeddable":true,"href":"https:\/\/hra.projekti.ifzg.hr\/index.php?rest_route=\/wp\/v2\/users\/2"}],"replies":[{"embeddable":true,"href":"https:\/\/hra.projekti.ifzg.hr\/index.php?rest_route=%2Fwp%2Fv2%2Fcomments&post=105"}],"version-history":[{"count":13,"href":"https:\/\/hra.projekti.ifzg.hr\/index.php?rest_route=\/wp\/v2\/pages\/105\/revisions"}],"predecessor-version":[{"id":410,"href":"https:\/\/hra.projekti.ifzg.hr\/index.php?rest_route=\/wp\/v2\/pages\/105\/revisions\/410"}],"wp:attachment":[{"href":"https:\/\/hra.projekti.ifzg.hr\/index.php?rest_route=%2Fwp%2Fv2%2Fmedia&parent=105"}],"curies":[{"name":"wp","href":"https:\/\/api.w.org\/{rel}","templated":true}]}}